{"id":6362,"date":"2026-01-13T12:29:08","date_gmt":"2026-01-13T11:29:08","guid":{"rendered":"https:\/\/anchor-relocation.ch\/?page_id=6362"},"modified":"2026-06-10T09:21:08","modified_gmt":"2026-06-10T07:21:08","slug":"immobilien-2-3","status":"publish","type":"page","link":"https:\/\/anchor-relocation.ch\/de\/immobilien-2-3\/","title":{"rendered":"Vermietung"},"content":{"rendered":"<div id='av-layout-grid-1'  class='av-layout-grid-container av-mkcjzgtu-5b1de19679460f9a0234216678270919 entry-content-wrapper header_color av-flex-cells  avia-builder-el-0  el_before_av_layout_row  avia-builder-el-first   container_wrap fullsize'  >\n\n<style type=\"text\/css\" data-created_by=\"avia_inline_auto\" id=\"style-css-av-mkcjyzay-84a1951c250059829c34b9989d0323c5\">\n.flex_cell.av-mkcjyzay-84a1951c250059829c34b9989d0323c5{\nvertical-align:middle;\nheight:300px;\nmin-height:300px;\n}\n.responsive #top #wrap_all .flex_cell.av-mkcjyzay-84a1951c250059829c34b9989d0323c5{\npadding:5% 30% 5% 30% !important;\n}\n\n@media only screen and (min-width: 990px){ \n.responsive #top #wrap_all .flex_cell.av-mkcjyzay-84a1951c250059829c34b9989d0323c5{\npadding:5% 30% 5% 30% !important;\n}\n}\n\n@media only screen and (min-width: 768px) and (max-width: 989px){ \n.responsive #top #wrap_all .flex_cell.av-mkcjyzay-84a1951c250059829c34b9989d0323c5{\npadding:5% 30% 5% 30% !important;\n}\n}\n\n@media only screen and (min-width: 480px) and (max-width: 767px){ \n.responsive #top #wrap_all .flex_cell.av-mkcjyzay-84a1951c250059829c34b9989d0323c5{\npadding:10% 10% 10% 10% !important;\n}\n}\n\n@media only screen and (max-width: 479px){ \n.responsive #top #wrap_all .flex_cell.av-mkcjyzay-84a1951c250059829c34b9989d0323c5{\npadding:10% 10% 10% 10% !important;\n}\n}\n<\/style>\n<div class='flex_cell av-mkcjyzay-84a1951c250059829c34b9989d0323c5 av-gridrow-cell av_one_full no_margin  avia-builder-el-1  avia-builder-el-no-sibling  content-align-middle avia-full-stretch'  ><div class='flex_cell_inner'>\n<style type=\"text\/css\" data-created_by=\"avia_inline_auto\" id=\"style-css-av-mkcjefh0-7b96e3242c9263c67ed703b05fbbcaac\">\n#top .av_textblock_section.av-mkcjefh0-7b96e3242c9263c67ed703b05fbbcaac .avia_textblock{\ncolor:#000000;\n}\n<\/style>\n<section  class='av_textblock_section av-mkcjefh0-7b96e3242c9263c67ed703b05fbbcaac '   itemscope=\"itemscope\" itemtype=\"https:\/\/schema.org\/CreativeWork\" ><div class='avia_textblock page-intro av_inherit_color'  itemprop=\"text\" ><p>\u201eEine sorgf\u00e4ltige Vermietung setzt ein gutes Verst\u00e4ndnis f\u00fcr die Immobilie und die beteiligten Personen voraus.\u201c<\/p>\n<\/div><\/section>\n<\/div><\/div>\n<\/div>\n<div id='av-layout-grid-2'  class='av-layout-grid-container av-tgekcn-04dfa35c0b6136cbb02621280180b2c1 entry-content-wrapper main_color av-flex-cells  avia-builder-el-3  el_after_av_layout_row  el_before_av_layout_row  grid-row-not-first  container_wrap fullsize'  >\n\n<style type=\"text\/css\" data-created_by=\"avia_inline_auto\" id=\"style-css-av-rpnown-099a2848a091777262e99d26aa15a591\">\n.flex_cell.av-rpnown-099a2848a091777262e99d26aa15a591{\nvertical-align:top;\n}\n.responsive #top #wrap_all .flex_cell.av-rpnown-099a2848a091777262e99d26aa15a591{\npadding:5% 15% 5% 15% !important;\n}\n\n@media only screen and (min-width: 990px){ \n.responsive #top #wrap_all .flex_cell.av-rpnown-099a2848a091777262e99d26aa15a591{\npadding:5% 15% 5% 15% !important;\n}\n}\n\n@media only screen and (min-width: 768px) and (max-width: 989px){ \n.responsive #top #wrap_all .flex_cell.av-rpnown-099a2848a091777262e99d26aa15a591{\npadding:5% 15% 5% 15% !important;\n}\n}\n\n@media only screen and (min-width: 480px) and (max-width: 767px){ \n.responsive #top #wrap_all .flex_cell.av-rpnown-099a2848a091777262e99d26aa15a591{\npadding:10% 10% 10% 10% !important;\n}\n}\n\n@media only screen and (max-width: 479px){ \n.responsive #top #wrap_all .flex_cell.av-rpnown-099a2848a091777262e99d26aa15a591{\npadding:10% 10% 10% 10% !important;\n}\n}\n<\/style>\n<div class='flex_cell av-rpnown-099a2848a091777262e99d26aa15a591 av-gridrow-cell av_one_full no_margin  avia-builder-el-4  avia-builder-el-no-sibling  content-align-top'  ><div class='flex_cell_inner'><p>\n<style type=\"text\/css\" data-created_by=\"avia_inline_auto\" id=\"style-css-av-ku5lhr7c-553c06b6dbab4fceb08c84295c691823\">\n#top .av-special-heading.av-ku5lhr7c-553c06b6dbab4fceb08c84295c691823{\npadding-bottom:10px;\n}\nbody .av-special-heading.av-ku5lhr7c-553c06b6dbab4fceb08c84295c691823 .av-special-heading-tag .heading-char{\nfont-size:25px;\n}\n.av-special-heading.av-ku5lhr7c-553c06b6dbab4fceb08c84295c691823 .av-subheading{\nfont-size:15px;\n}\n<\/style>\n<div  class='av-special-heading av-ku5lhr7c-553c06b6dbab4fceb08c84295c691823 av-special-heading-h2 blockquote modern-quote  avia-builder-el-5  el_before_av_textblock  avia-builder-el-first '><h2 class='av-special-heading-tag '  itemprop=\"headline\"  >Vermietung<\/h2><div class=\"special-heading-border\"><div class=\"special-heading-inner-border\"><\/div><\/div><\/div><br \/>\n<section  class='av_textblock_section av-2gmn1z-fb856b20f5380444e40719fe5b04dfd6 '   itemscope=\"itemscope\" itemtype=\"https:\/\/schema.org\/CreativeWork\" ><div class='avia_textblock'  itemprop=\"text\" ><p data-start=\"372\" data-end=\"564\">Anchor unterst\u00fctzt Eigent\u00fcmerinnen und Eigent\u00fcmer bei der Vermietung von Wohnungen und H\u00e4usern im Grossraum Z\u00fcrich sowie in angrenzenden Regionen. Grundlage unserer Arbeit sind fundierte Kenntnisse der lokalen M\u00e4rkte sowie eine sorgf\u00e4ltige und pers\u00f6nliche Begleitung jedes Auftrags.<\/p>\n<p data-start=\"566\" data-end=\"838\">Als kleines Team bleiben wir nah am Prozess, reagieren rasch und gehen auf die jeweilige Situation individuell ein. Die Zusammenarbeit ist gepr\u00e4gt von Klarheit, Diskretion und einem respektvollen Umgang mit allen Beteiligten. <\/p>\n<\/div><\/section><br \/>\n\n<style type=\"text\/css\" data-created_by=\"avia_inline_auto\" id=\"style-css-av-4n2kyx-bc7ff0eff9612d073cc0149c4ff62cd9\">\n#top .hr.hr-invisible.av-4n2kyx-bc7ff0eff9612d073cc0149c4ff62cd9{\nheight:40px;\n}\n<\/style>\n<div  class='hr av-4n2kyx-bc7ff0eff9612d073cc0149c4ff62cd9 hr-invisible  avia-builder-el-7  el_after_av_textblock  el_before_av_heading '><span class='hr-inner '><span class=\"hr-inner-style\"><\/span><\/span><\/div><br \/>\n\n<style type=\"text\/css\" data-created_by=\"avia_inline_auto\" id=\"style-css-av-6l32qv-d0f75cd28e257db802733cd3b3119997\">\n#top .av-special-heading.av-6l32qv-d0f75cd28e257db802733cd3b3119997{\npadding-bottom:10px;\n}\nbody .av-special-heading.av-6l32qv-d0f75cd28e257db802733cd3b3119997 .av-special-heading-tag .heading-char{\nfont-size:25px;\n}\n.av-special-heading.av-6l32qv-d0f75cd28e257db802733cd3b3119997 .av-subheading{\nfont-size:15px;\n}\n<\/style>\n<div  class='av-special-heading av-6l32qv-d0f75cd28e257db802733cd3b3119997 av-special-heading-h3 blockquote modern-quote  avia-builder-el-8  el_after_av_hr  el_before_av_textblock '><h3 class='av-special-heading-tag '  itemprop=\"headline\"  >Leistungen<\/h3><div class=\"special-heading-border\"><div class=\"special-heading-inner-border\"><\/div><\/div><\/div><br \/>\n<section  class='av_textblock_section av-kx9683i7-b698a1d58c719270a12b133878c39a5e '   itemscope=\"itemscope\" itemtype=\"https:\/\/schema.org\/CreativeWork\" ><div class='avia_textblock'  itemprop=\"text\" ><ul>\n<li>Marktanalyse und Beratung zur Mietzinsfestlegung<\/li>\n<li>Koordination von Vermarktung und Inseraten<\/li>\n<li>Organisation und Begleitung von Besichtigungen<\/li>\n<li>Unterst\u00fctzung bei der Auswahl von Mietparteien und der Dokumentation<\/li>\n<li>Koordination von Einzug und \u00dcbergabe<\/li>\n<\/ul>\n<\/div><\/section><br \/>\n\n<style type=\"text\/css\" data-created_by=\"avia_inline_auto\" id=\"style-css-av-2kx9ah-cb7face01db21fcdc6ea64efa6e3723c\">\n#top .hr.hr-invisible.av-2kx9ah-cb7face01db21fcdc6ea64efa6e3723c{\nheight:40px;\n}\n<\/style>\n<div  class='hr av-2kx9ah-cb7face01db21fcdc6ea64efa6e3723c hr-invisible  avia-builder-el-10  el_after_av_textblock  el_before_av_heading '><span class='hr-inner '><span class=\"hr-inner-style\"><\/span><\/span><\/div><br \/>\n\n<style type=\"text\/css\" data-created_by=\"avia_inline_auto\" id=\"style-css-av-g15vhj-ac34846a7255a073cb0a00437f847a49\">\n#top .av-special-heading.av-g15vhj-ac34846a7255a073cb0a00437f847a49{\npadding-bottom:10px;\n}\nbody .av-special-heading.av-g15vhj-ac34846a7255a073cb0a00437f847a49 .av-special-heading-tag .heading-char{\nfont-size:25px;\n}\n.av-special-heading.av-g15vhj-ac34846a7255a073cb0a00437f847a49 .av-subheading{\nfont-size:15px;\n}\n<\/style>\n<div  class='av-special-heading av-g15vhj-ac34846a7255a073cb0a00437f847a49 av-special-heading-h3 blockquote modern-quote  avia-builder-el-11  el_after_av_hr  el_before_av_textblock '><h3 class='av-special-heading-tag '  itemprop=\"headline\"  >Unsere Arbeitsweise<\/h3><div class=\"special-heading-border\"><div class=\"special-heading-inner-border\"><\/div><\/div><\/div><br \/>\n<section  class='av_textblock_section av-8z3zxz-c3fe3bcdfe2665d47d837159204b3519 '   itemscope=\"itemscope\" itemtype=\"https:\/\/schema.org\/CreativeWork\" ><div class='avia_textblock'  itemprop=\"text\" ><p data-start=\"1053\" data-end=\"1244\">Wir arbeiten als kleines, engagiertes Team und bleiben w\u00e4hrend des gesamten Auftrags pers\u00f6nlich involviert. Dies erm\u00f6glicht eine effiziente Vorgehensweise, klare Kommunikation und eine sorgf\u00e4ltige Betreuung in jeder Phase. <\/p>\n<p data-start=\"1246\" data-end=\"1348\">Unser Fokus liegt auf praxisnaher Koordination und langfristig passenden L\u00f6sungen f\u00fcr Eigent\u00fcmerinnen, Eigent\u00fcmer und Mietparteien.<\/p>\n<\/div><\/section><br \/>\n\n<style type=\"text\/css\" data-created_by=\"avia_inline_auto\" id=\"style-css-av-6jwk9-e813132a9455956b6fae04ed3584f30b\">\n#top .hr.hr-invisible.av-6jwk9-e813132a9455956b6fae04ed3584f30b{\nheight:40px;\n}\n<\/style>\n<div  class='hr av-6jwk9-e813132a9455956b6fae04ed3584f30b hr-invisible  avia-builder-el-13  el_after_av_textblock  el_before_av_heading '><span class='hr-inner '><span class=\"hr-inner-style\"><\/span><\/span><\/div><br \/>\n\n<style type=\"text\/css\" data-created_by=\"avia_inline_auto\" id=\"style-css-av-46hnrt-02c2f73e180e7b7c092b210d8ed410ad\">\n#top .av-special-heading.av-46hnrt-02c2f73e180e7b7c092b210d8ed410ad{\npadding-bottom:10px;\n}\nbody .av-special-heading.av-46hnrt-02c2f73e180e7b7c092b210d8ed410ad .av-special-heading-tag .heading-char{\nfont-size:25px;\n}\n.av-special-heading.av-46hnrt-02c2f73e180e7b7c092b210d8ed410ad .av-subheading{\nfont-size:15px;\n}\n<\/style>\n<div  class='av-special-heading av-46hnrt-02c2f73e180e7b7c092b210d8ed410ad av-special-heading-h3 blockquote modern-quote  avia-builder-el-14  el_after_av_hr  el_before_av_textblock '><h3 class='av-special-heading-tag '  itemprop=\"headline\"  >Regionaler Fokus<\/h3><div class=\"special-heading-border\"><div class=\"special-heading-inner-border\"><\/div><\/div><\/div><br \/>\n<section  class='av_textblock_section av-25qx2x-e30cfc2319babae7f1492aa093d61eca '   itemscope=\"itemscope\" itemtype=\"https:\/\/schema.org\/CreativeWork\" ><div class='avia_textblock'  itemprop=\"text\" ><p data-start=\"297\" data-end=\"569\">Unsere Dienstleistungen im Bereich der Vermietung konzentrieren sich auf den Grossraum Z\u00fcrich und Zug sowie auf ausgew\u00e4hlte Regionen in den Kantonen Schwyz und Aargau.<\/p>\n<p data-start=\"571\" data-end=\"684\">Diese regionale Fokussierung erm\u00f6glicht realistische Einsch\u00e4tzungen und verl\u00e4ssliche Unterst\u00fctzung auf Basis lokaler Marktkenntnisse.<\/p>\n<\/div><\/section><\/p>\n<\/div><\/div>\n<\/div>\n<div id='av-layout-grid-3'  class='av-layout-grid-container av-bgv1z-27403e6d3b9e88585d0b3e5f35371290 entry-content-wrapper main_color av-flex-cells  avia-builder-el-16  el_after_av_layout_row  el_before_av_postcontent  grid-row-not-first  container_wrap fullsize'  >\n\n<style type=\"text\/css\" data-created_by=\"avia_inline_auto\" id=\"style-css-av-llcn7f0j-adb883ba6557a8547aff80ffe06de54b\">\n.flex_cell.av-llcn7f0j-adb883ba6557a8547aff80ffe06de54b{\nvertical-align:top;\n}\n.responsive #top #wrap_all .flex_cell.av-llcn7f0j-adb883ba6557a8547aff80ffe06de54b{\npadding:3% 3% 3% 3% !important;\n}\n\n@media only screen and (min-width: 990px){ \n.responsive #top #wrap_all .flex_cell.av-llcn7f0j-adb883ba6557a8547aff80ffe06de54b{\npadding:3% 3% 3% 3% !important;\n}\n}\n\n@media only screen and (min-width: 768px) and (max-width: 989px){ \n.responsive #top #wrap_all .flex_cell.av-llcn7f0j-adb883ba6557a8547aff80ffe06de54b{\npadding:3% 3% 3% 3% !important;\n}\n}\n\n@media only screen and (min-width: 480px) and (max-width: 767px){ \n.responsive #top #wrap_all .flex_cell.av-llcn7f0j-adb883ba6557a8547aff80ffe06de54b{\npadding:10% 10% 10% 10% !important;\n}\n}\n\n@media only screen and (max-width: 479px){ \n.responsive #top #wrap_all .flex_cell.av-llcn7f0j-adb883ba6557a8547aff80ffe06de54b{\npadding:10% 10% 10% 10% !important;\n}\n}\n<\/style>\n<div class='flex_cell av-llcn7f0j-adb883ba6557a8547aff80ffe06de54b av-gridrow-cell av_one_full no_margin  avia-builder-el-17  avia-builder-el-no-sibling  content-align-top'  ><div class='flex_cell_inner'><p>\n<style type=\"text\/css\" data-created_by=\"avia_inline_auto\" id=\"style-css-av-ankcpj-91ab5afd36c8514e10249bd9df99c4dd\">\n#top .av-special-heading.av-ankcpj-91ab5afd36c8514e10249bd9df99c4dd{\nmargin:0 0 0 0;\npadding-bottom:0;\n}\nbody .av-special-heading.av-ankcpj-91ab5afd36c8514e10249bd9df99c4dd .av-special-heading-tag .heading-char{\nfont-size:25px;\n}\n#top #wrap_all .av-special-heading.av-ankcpj-91ab5afd36c8514e10249bd9df99c4dd .av-special-heading-tag{\npadding:0 0 0 15px;\n}\n.av-special-heading.av-ankcpj-91ab5afd36c8514e10249bd9df99c4dd .av-subheading{\nfont-size:15px;\n}\n<\/style>\n<div  class='av-special-heading av-ankcpj-91ab5afd36c8514e10249bd9df99c4dd av-special-heading-h3 blockquote modern-quote  avia-builder-el-18  el_before_av_masonry_gallery  avia-builder-el-no-sibling '><h3 class='av-special-heading-tag '  itemprop=\"headline\"  >Aktuelle + Vermietete Immobilien<\/h3><div class=\"special-heading-border\"><div class=\"special-heading-inner-border\"><\/div><\/div><\/div><br \/>\n\n<style type=\"text\/css\" data-created_by=\"avia_inline_auto\" id=\"style-css-av-ku2srbod-41a07ac996c0ee7dd3f9c8fb192c4ef9\">\n#top .av-masonry.av-ku2srbod-41a07ac996c0ee7dd3f9c8fb192c4ef9{\nbackground-color:#ffffff;\n}\n<\/style>\n<div id='av-masonry-1' class='av-masonry av-ku2srbod-41a07ac996c0ee7dd3f9c8fb192c4ef9 noHover av-fixed-size av-large-gap av-hover-overlay-active av-masonry-animation- av-masonry-col-3 av-caption-on-hover-hide av-caption-style-overlay av-masonry-gallery av-desktop-columns-overwrite av-desktop-columns-3 av-medium-columns-overwrite av-medium-columns-2 av-small-columns-overwrite av-small-columns-1 av-mini-columns-overwrite av-mini-columns-1 ' data-post_id=\"6362\"><div class=\"av-masonry-container isotope av-js-disabled\"><div class='av-masonry-entry isotope-item av-masonry-item-no-image '><\/div><div id='av-masonry-1-item-7721' data-av-masonry-item='7721' class='av-masonry-entry isotope-item post-7721 attachment type-attachment status-inherit hentry  av-masonry-item-with-image'    itemprop=\"thumbnailUrl\" ><div class='av-inner-masonry-sizer'><\/div><figure class='av-inner-masonry main_color'><div class=\"av-masonry-outerimage-container\"><div class='av-masonry-image-container' style=\"background-image: url(https:\/\/anchor-relocation.ch\/wp-content\/uploads\/2026\/06\/Anchor-S33-741-2048x1536.jpg);\"  title=\"Kilchberg (8802) &#8211; Steinweidstrasse 33\" ><\/div><\/div><figcaption class='av-inner-masonry-content site-background'><div class='av-inner-masonry-content-pos'><div class='av-inner-masonry-content-pos-content'><div class='avia-arrow'><\/div><h3 class='av-masonry-entry-title entry-title '  itemprop=\"headline\" >Kilchberg (8802) &#8211; Steinweidstrasse 33<\/h3><div class='av-masonry-entry-content entry-content'  itemprop=\"text\" >Vermietet \u2013 Haus<\/div><\/div><\/div><\/figcaption><\/figure><\/div><!--end av-masonry entry--><div id='av-masonry-1-item-7587' data-av-masonry-item='7587' class='av-masonry-entry isotope-item post-7587 attachment type-attachment status-inherit hentry  av-masonry-item-with-image'    itemprop=\"thumbnailUrl\" ><div class='av-inner-masonry-sizer'><\/div><figure class='av-inner-masonry main_color'><div class=\"av-masonry-outerimage-container\"><div class='av-masonry-image-container' style=\"background-image: url(https:\/\/anchor-relocation.ch\/wp-content\/uploads\/2026\/05\/IMG_8626_edit_2.jpg);\"  title=\"Horgen (8810) &#8211; Allmendg\u00fctlistrasse 35\" ><\/div><\/div><figcaption class='av-inner-masonry-content site-background'><div class='av-inner-masonry-content-pos'><div class='av-inner-masonry-content-pos-content'><div class='avia-arrow'><\/div><h3 class='av-masonry-entry-title entry-title '  itemprop=\"headline\" >Horgen (8810) &#8211; Allmendg\u00fctlistrasse 35<\/h3><div class='av-masonry-entry-content entry-content'  itemprop=\"text\" >Vermietet - Wohnung<\/div><\/div><\/div><\/figcaption><\/figure><\/div><!--end av-masonry entry--><div id='av-masonry-1-item-7481' data-av-masonry-item='7481' class='av-masonry-entry isotope-item post-7481 attachment type-attachment status-inherit hentry  av-masonry-item-with-image'    itemprop=\"thumbnailUrl\" ><div class='av-inner-masonry-sizer'><\/div><figure class='av-inner-masonry main_color'><div class=\"av-masonry-outerimage-container\"><div class='av-masonry-image-container' style=\"background-image: url(https:\/\/anchor-relocation.ch\/wp-content\/uploads\/2026\/04\/Anchor_Gschwind_Langnau-am-Albis_2026-04-09_DSCF0399_HDR-1-2048x1536.jpg);\"  title=\"Langnau am Albis (8135) &#8211; Waldmattstrasse 15\" ><\/div><\/div><figcaption class='av-inner-masonry-content site-background'><div class='av-inner-masonry-content-pos'><div class='av-inner-masonry-content-pos-content'><div class='avia-arrow'><\/div><h3 class='av-masonry-entry-title entry-title '  itemprop=\"headline\" >Langnau am Albis (8135) &#8211; Waldmattstrasse 15<\/h3><div class='av-masonry-entry-content entry-content'  itemprop=\"text\" >zu vermieten - Haus<\/div><\/div><\/div><\/figcaption><\/figure><\/div><!--end av-masonry entry--><a href=\"https:\/\/anchor-relocation.ch\/de\/zu-vermieten-8002-zuerich-enge-2-5-zimmer-wohnung-2\/\"  aria-label=\"Bild Z\u00fcrich (8038) &#8211; Etzelstrasse 23\"  id='av-masonry-1-item-6791' data-av-masonry-item='6791' class='av-masonry-entry isotope-item post-6791 attachment type-attachment status-inherit hentry  av-masonry-item-with-image' title=\"Z\u00fcrich (8038) &#8211; Etzelstrasse 23\" alt=\"\"  data-av-masonry-custom-link=\"https:\/\/anchor-relocation.ch\/de\/zu-vermieten-8002-zuerich-enge-2-5-zimmer-wohnung-2\/\"  itemprop=\"thumbnailUrl\" ><div class='av-inner-masonry-sizer'><\/div><figure class='av-inner-masonry main_color'><div class=\"av-masonry-outerimage-container\"><div class='av-masonry-image-container' style=\"background-image: url(https:\/\/anchor-relocation.ch\/wp-content\/uploads\/2026\/01\/Zurich-Etzelstrasse-23-06v2-2048x1536.jpg);\"  title=\"Z\u00fcrich (8038) &#8211; Etzelstrasse 23\" ><\/div><\/div><figcaption class='av-inner-masonry-content site-background'><div class='av-inner-masonry-content-pos'><div class='av-inner-masonry-content-pos-content'><div class='avia-arrow'><\/div><h3 class='av-masonry-entry-title entry-title '  itemprop=\"headline\" >Z\u00fcrich (8038) &#8211; Etzelstrasse 23<\/h3><div class='av-masonry-entry-content entry-content'  itemprop=\"text\" >Vermietet - Wohnung<\/div><\/div><\/div><\/figcaption><\/figure><\/a><!--end av-masonry entry--><a href=\"https:\/\/anchor-relocation.ch\/de\/zu-vermieten-8002-zuerich-enge-2-5-zimmer-wohnung\/\"  aria-label=\"Bild Z\u00fcrich (8002) &#8211; Genferstrasse 24\"  id='av-masonry-1-item-6265' data-av-masonry-item='6265' class='av-masonry-entry isotope-item post-6265 attachment type-attachment status-inherit hentry  av-masonry-item-with-image' title=\"Z\u00fcrich (8002) &#8211; Genferstrasse 24\" alt=\"{LEASED}\"  data-av-masonry-custom-link=\"https:\/\/anchor-relocation.ch\/de\/zu-vermieten-8002-zuerich-enge-2-5-zimmer-wohnung\/\"  itemprop=\"thumbnailUrl\" ><div class='av-inner-masonry-sizer'><\/div><figure class='av-inner-masonry main_color'><div class=\"av-masonry-outerimage-container\"><div class='av-masonry-image-container' style=\"background-image: url(https:\/\/anchor-relocation.ch\/wp-content\/uploads\/2025\/11\/IMG_6107-2048x1536.jpg);\"  title=\"Z\u00fcrich (8002) &#8211; Genferstrasse 24\" ><\/div><\/div><figcaption class='av-inner-masonry-content site-background'><div class='av-inner-masonry-content-pos'><div class='av-inner-masonry-content-pos-content'><div class='avia-arrow'><\/div><h3 class='av-masonry-entry-title entry-title '  itemprop=\"headline\" >Z\u00fcrich (8002) &#8211; Genferstrasse 24<\/h3><div class='av-masonry-entry-content entry-content'  itemprop=\"text\" >Vermietet - Wohnung<\/div><\/div><\/div><\/figcaption><\/figure><\/a><!--end av-masonry entry--><a href=\"https:\/\/anchor-relocation.ch\/de\/zu-vermieten-8038-zuerich-5-5-zimmer-doppelhaushaelfte-2\/\"  aria-label=\"Bild Z\u00fcrich (8038) &#8211; Seeblickstrasse 62\"  id='av-masonry-1-item-6013' data-av-masonry-item='6013' class='av-masonry-entry isotope-item post-6013 attachment type-attachment status-inherit hentry  av-masonry-item-with-image' title=\"Z\u00fcrich (8038) &#8211; Seeblickstrasse 62\" alt=\"5.5-Zimmer-Doppelhaush\u00e4lfte \u2014 Seeblickstrasse 62, 8038 Z\u00fcrich\"  data-av-masonry-custom-link=\"https:\/\/anchor-relocation.ch\/de\/zu-vermieten-8038-zuerich-5-5-zimmer-doppelhaushaelfte-2\/\"  itemprop=\"thumbnailUrl\" ><div class='av-inner-masonry-sizer'><\/div><figure class='av-inner-masonry main_color'><div class=\"av-masonry-outerimage-container\"><div class='av-masonry-image-container' style=\"background-image: url(https:\/\/anchor-relocation.ch\/wp-content\/uploads\/2025\/11\/Zurich-Seeblickstrasse-62-IMG_5819-3-2048x1536.jpg);\"  title=\"Z\u00fcrich (8038) &#8211; Seeblickstrasse 62\" ><\/div><\/div><figcaption class='av-inner-masonry-content site-background'><div class='av-inner-masonry-content-pos'><div class='av-inner-masonry-content-pos-content'><div class='avia-arrow'><\/div><h3 class='av-masonry-entry-title entry-title '  itemprop=\"headline\" >Z\u00fcrich (8038) &#8211; Seeblickstrasse 62<\/h3><div class='av-masonry-entry-content entry-content'  itemprop=\"text\" >Gepachtet - Haus  <\/div><\/div><\/div><\/figcaption><\/figure><\/a><!--end av-masonry entry--><\/div><\/div><\/p>\n<\/div><\/div><\/div>[av_layout_row border='' min_height_percent='' min_height_pc='25' min_height='0' color='footer_color' mobile='av-flex-cells' mobile_breaking='' mobile_column_order='' id='' custom_class='' template_class='' aria_label='' av_element_hidden_in_editor='0' av_uid='av-77lwxa' sc_version='1.0']\n\n[av_cell_one_full vertical_align='top' padding='8%,5%,3%,5%' av-desktop-padding='8%,5%,3%,5%' av-medium-padding='8%,5%,3%,5%' av-small-padding='10%' av-small-padding_sync='true' av-mini-padding='10%' av-mini-padding_sync='true' background='bg_color' background_color='#f6f6f6' background_gradient_direction='vertical' background_gradient_color1='#000000' background_gradient_color2='#ffffff' background_gradient_color3='' src='' attachment='' attachment_size='' background_attachment='scroll' background_position='top left' background_repeat='no-repeat' link='' linktarget='' title_attr='' link_hover='' mobile_display='' mobile_col_pos='0' custom_class='' template_class='' av_uid='av-37kxz2' sc_version='1.0']\n\n[av_one_third first min_height='' vertical_alignment='av-align-top' space='' row_boxshadow='' row_boxshadow_color='' row_boxshadow_width='10' custom_margin='' margin='0px' mobile_breaking='' mobile_column_order='' min_col_height='' padding='' svg_div_top='' svg_div_top_color='#333333' svg_div_top_width='100' svg_div_top_height='50' svg_div_top_max_height='none' svg_div_top_flip='' svg_div_top_invert='' svg_div_top_front='' svg_div_top_opacity='' svg_div_top_preview='' svg_div_bottom='' svg_div_bottom_color='#333333' svg_div_bottom_width='100' svg_div_bottom_height='50' svg_div_bottom_max_height='none' svg_div_bottom_flip='' svg_div_bottom_invert='' svg_div_bottom_front='' svg_div_bottom_opacity='' svg_div_bottom_preview='' border='' border_style='solid' border_color='' radius='' column_boxshadow='' column_boxshadow_color='' column_boxshadow_width='10' background='bg_color' background_color='' background_gradient_direction='vertical' background_gradient_color1='#000000' background_gradient_color2='#ffffff' background_gradient_color3='' src='' background_position='top left' background_repeat='no-repeat' highlight='' highlight_size='' animation='' link='' linktarget='' link_hover='' title_attr='' alt_attr='' mobile_display='' mobile_col_pos='0' id='' custom_class='' template_class='' aria_label='' av_uid='av-3fc09q' sc_version='1.0']\n\n[av_heading heading='Kontakt' tag='h3' style='blockquote modern-quote' subheading_active='' show_icon='' icon='ue800' font='entypo-fontello' size='' av-medium-font-size-title='' av-small-font-size-title='' av-mini-font-size-title='' subheading_size='' av-medium-font-size='' av-small-font-size='' av-mini-font-size='' icon_size='' av-medium-font-size-1='' av-small-font-size-1='' av-mini-font-size-1='' color='' custom_font='' subheading_color='' seperator_color='' icon_color='' margin='' margin_sync='true' padding='10' icon_padding='10' headline_padding='' headline_padding_sync='true' link='' link_target='' id='' custom_class='' template_class='' av_uid='av-36rsla' sc_version='1.0' admin_preview_bg=''][\/av_heading]\n\n[av_textblock textblock_styling_align='' textblock_styling='' textblock_styling_gap='' textblock_styling_mobile='' size='' av-medium-font-size='' av-small-font-size='' av-mini-font-size='' font_color='' color='' id='' custom_class='' template_class='' av_uid='av-umjf72' sc_version='1.0' admin_preview_bg='']\nAnchor Relocation Services GmbH\nR\u00e4mistrasse 8, 8001 Z\u00fcrich\nSchweiz\n\nTelefon +41 44 383 2323\n[\/av_textblock]\n\n[av_hr class='invisible' icon_select='yes' icon='ue808' font='entypo-fontello' position='center' shadow='no-shadow' height='60' custom_border='av-border-thin' custom_width='50px' custom_margin_top='30px' custom_margin_bottom='30px' custom_border_color='' custom_icon_color='' id='' custom_class='' template_class='' av_uid='av-tnnuku' sc_version='1.0' admin_preview_bg='']\n\n[av_heading heading='Folgen Sie Uns' tag='h3' style='blockquote modern-quote' subheading_active='' show_icon='' icon='ue800' font='entypo-fontello' size='' av-medium-font-size-title='' av-small-font-size-title='' av-mini-font-size-title='' subheading_size='' av-medium-font-size='' av-small-font-size='' av-mini-font-size='' icon_size='' av-medium-font-size-1='' av-small-font-size-1='' av-mini-font-size-1='' color='' custom_font='' subheading_color='' seperator_color='' icon_color='' margin='' margin_sync='true' padding='20' icon_padding='10' headline_padding='' headline_padding_sync='true' link='' link_target='' id='' custom_class='' template_class='' av_uid='av-rpewwu' sc_version='1.0' admin_preview_bg=''][\/av_heading]\n\n[av_font_icon icon='ue8fc' font='entypo-fontello' style='' caption='' size='35px' position='left' color='' link='manually,https:\/\/www.linkedin.com\/company\/anchorrelocation' linktarget='' sonar_effect_effect='' sonar_effect_color='' sonar_effect_duration='1' sonar_effect_scale='' sonar_effect_opac='0.5' animation='deactivated' id='' custom_class='' template_class='' av_uid='av-pw1iou' sc_version='1.0' admin_preview_bg=''][\/av_font_icon]\n\n[av_font_icon icon='ue909' font='entypo-fontello' style='' caption='' size='35px' position='left' color='' link='manually,https:\/\/www.instagram.com\/anchor.relocation\/' linktarget='' sonar_effect_effect='' sonar_effect_color='' sonar_effect_duration='1' sonar_effect_scale='' sonar_effect_opac='0.5' animation='deactivated' id='' custom_class='' template_class='' av_uid='av-new2ke' sc_version='1.0' admin_preview_bg=''][\/av_font_icon]\n\n[av_font_icon icon='ue8f5' font='entypo-fontello' style='' caption='' size='35px' position='left' color='' link='manually,https:\/\/www.facebook.com\/anchor.relocation\/' linktarget='' sonar_effect_effect='' sonar_effect_color='' sonar_effect_duration='1' sonar_effect_scale='' sonar_effect_opac='0.5' animation='deactivated' id='' custom_class='' template_class='' av_uid='av-mp6cy6' sc_version='1.0' admin_preview_bg=''][\/av_font_icon]\n\n[av_hr class='invisible' icon_select='yes' icon='ue808' font='entypo-fontello' position='center' shadow='no-shadow' height='60' custom_border='av-border-thin' custom_width='50px' custom_margin_top='30px' custom_margin_bottom='30px' custom_border_color='' custom_icon_color='' id='' custom_class='' template_class='' av_uid='av-k1dppq' sc_version='1.0' admin_preview_bg='']\n\n[\/av_one_third][av_one_third min_height='' vertical_alignment='av-align-top' space='' row_boxshadow_color='' row_boxshadow_width='10' margin='0px' margin_sync='true' mobile_breaking='' mobile_column_order='' min_col_height='' padding='' padding_sync='true' svg_div_top='' svg_div_top_color='#333333' svg_div_top_width='100' svg_div_top_height='50' svg_div_top_max_height='none' svg_div_top_opacity='' svg_div_bottom='' svg_div_bottom_color='#333333' svg_div_bottom_width='100' svg_div_bottom_height='50' svg_div_bottom_max_height='none' svg_div_bottom_opacity='' border='' border_style='solid' border_color='' radius='' radius_sync='true' column_boxshadow_color='' column_boxshadow_width='10' background='bg_color' background_color='' background_gradient_direction='vertical' background_gradient_color1='#000000' background_gradient_color2='#ffffff' background_gradient_color3='' src='' attachment='' attachment_size='' background_position='top left' background_repeat='no-repeat' highlight_size='1.1' animation='' link='' linktarget='' link_hover='' title_attr='' alt_attr='' mobile_display='av-hide-on-mobile' mobile_col_pos='0' id='' custom_class='' template_class='' aria_label='' av_uid='av-kxaqzdqh' sc_version='1.0']\n\n[\/av_one_third][av_one_third min_height='' vertical_alignment='av-align-top' space='' row_boxshadow='' row_boxshadow_color='' row_boxshadow_width='10' custom_margin='' margin='0px' mobile_breaking='' mobile_column_order='' min_col_height='' padding='' svg_div_top='' svg_div_top_color='#333333' svg_div_top_width='100' svg_div_top_height='50' svg_div_top_max_height='none' svg_div_top_flip='' svg_div_top_invert='' svg_div_top_front='' svg_div_top_opacity='' svg_div_top_preview='' svg_div_bottom='' svg_div_bottom_color='#333333' svg_div_bottom_width='100' svg_div_bottom_height='50' svg_div_bottom_max_height='none' svg_div_bottom_flip='' svg_div_bottom_invert='' svg_div_bottom_front='' svg_div_bottom_opacity='' svg_div_bottom_preview='' border='' border_style='solid' border_color='' radius='' column_boxshadow='' column_boxshadow_color='' column_boxshadow_width='10' background='bg_color' background_color='' background_gradient_direction='vertical' background_gradient_color1='#000000' background_gradient_color2='#ffffff' background_gradient_color3='' src='' background_position='top left' background_repeat='no-repeat' highlight='' highlight_size='' animation='' link='' linktarget='' link_hover='' title_attr='' alt_attr='' mobile_display='' mobile_col_pos='0' id='' custom_class='' template_class='' aria_label='' av_uid='av-igqbi6' sc_version='1.0']\n\n[av_heading heading='Netzwerk' tag='h3' style='blockquote modern-quote' subheading_active='' show_icon='' icon='ue800' font='entypo-fontello' size='' av-medium-font-size-title='' av-small-font-size-title='' av-mini-font-size-title='' subheading_size='' av-medium-font-size='' av-small-font-size='' av-mini-font-size='' icon_size='' av-medium-font-size-1='' av-small-font-size-1='' av-mini-font-size-1='' color='' custom_font='' subheading_color='' seperator_color='' icon_color='' margin='' margin_sync='true' padding='20' icon_padding='10' headline_padding='' headline_padding_sync='true' link='' link_target='' id='' custom_class='' template_class='' av_uid='av-h5hcxq' sc_version='1.0' admin_preview_bg=''][\/av_heading]\n\n[av_hr class='invisible' icon_select='yes' icon='ue808' font='entypo-fontello' position='center' shadow='no-shadow' height='-50' custom_border='av-border-thin' custom_width='50px' custom_margin_top='30px' custom_margin_bottom='30px' custom_border_color='' custom_icon_color='' id='' custom_class='' template_class='' av_uid='av-kz2wmooj' sc_version='1.0' admin_preview_bg='']\n\n[av_partner heading='' type='grid' columns='1' navigation='arrows' control_layout='av-control-default' nav_visibility_desktop='' nav_arrow_color='' nav_arrow_bg_color='' nav_dots_color='' nav_dot_active_color='' size='no scaling' img_size_behave='' border='av-border-deactivate' img_border='outset' img_border_width='0' img_border_width_sync='true' img_border_color='' border_radius='0' border_radius_sync='true' box_shadow='' box_shadow_style='0px,0px,0px,0px' box_shadow_color='' padding='0%' padding_sync='true' animation='slide' transition_speed='' autoplay='false' interval='5' heading_tag='' heading_class='' img_scrset='' lazy_loading='disabled' el_id='' custom_class='' template_class='' av_uid='av-kxar1dac' sc_version='1.0']\n[av_partner_logo id='5693' av_uid='av-2ybv8e' id_dynamic='' hover='' link='' link_dynamic='' link_target='' linktitle='' sc_version='1.0']\n[av_partner_logo id='5702' id_dynamic='' hover='' link='' link_dynamic='' link_target='' linktitle='' av_uid='av-1zrfum' sc_version='1.0']\n[\/av_partner]\n\n[\/av_one_third][\/av_cell_one_full][\/av_layout_row]<\/p>\n","protected":false},"excerpt":{"rendered":"","protected":false},"author":2,"featured_media":0,"parent":0,"menu_order":0,"comment_status":"closed","ping_status":"closed","template":"","meta":{"footnotes":""},"class_list":["post-6362","page","type-page","status-publish","hentry"],"yoast_head":"<!-- This site is optimized with the Yoast SEO Premium plugin v28.4 (Yoast SEO v28.4) - https:\/\/yoast.com\/product\/yoast-seo-premium-wordpress\/ -->\n<title>Vermietung Z\u00fcrich | Wohnimmobilien | Anchor<\/title>\n<meta name=\"description\" content=\"Vermietung von Wohnungen und H\u00e4usern in Z\u00fcrich, Zug, Schwyz und Aargau. Pers\u00f6nliche Begleitung, sorgf\u00e4ltige Koordination und ein kleines, engagiertes Team.\" \/>\n<meta name=\"robots\" content=\"index, follow, max-snippet:-1, max-image-preview:large, max-video-preview:-1\" \/>\n<link rel=\"canonical\" href=\"https:\/\/anchor-relocation.ch\/de\/immobilien-2-3\/\" \/>\n<meta property=\"og:locale\" content=\"de_DE\" \/>\n<meta property=\"og:type\" content=\"article\" \/>\n<meta property=\"og:title\" content=\"Vermietung\" \/>\n<meta property=\"og:description\" content=\"Are you moving to Switzerland? Anchor Relocation is the first contact for expatriates from all over the world. We offer professional, efficient, in-depth and fully customised Home Search as well as Temporary Housing, Departure Support and many other services. How can we support you?\" \/>\n<meta property=\"og:url\" content=\"https:\/\/anchor-relocation.ch\/de\/immobilien-2-3\/\" \/>\n<meta property=\"og:site_name\" content=\"Anchor Relocation Services\" \/>\n<meta property=\"article:modified_time\" content=\"2026-06-10T07:21:08+00:00\" \/>\n<meta property=\"og:image\" content=\"https:\/\/anchor-relocation.ch\/wp-content\/uploads\/2015\/02\/anchor-welcome-home.jpg\" \/>\n\t<meta property=\"og:image:width\" content=\"1500\" \/>\n\t<meta property=\"og:image:height\" content=\"900\" \/>\n\t<meta property=\"og:image:type\" content=\"image\/jpeg\" \/>\n<meta name=\"twitter:card\" content=\"summary_large_image\" \/>\n<meta name=\"twitter:label1\" content=\"Est. reading time\" \/>\n\t<meta name=\"twitter:data1\" content=\"4 minutes\" \/>\n<script type=\"application\/ld+json\" class=\"yoast-schema-graph\">{\"@context\":\"https:\\\/\\\/schema.org\",\"@graph\":[{\"@type\":\"WebPage\",\"@id\":\"https:\\\/\\\/anchor-relocation.ch\\\/de\\\/immobilien-2-3\\\/\",\"url\":\"https:\\\/\\\/anchor-relocation.ch\\\/de\\\/immobilien-2-3\\\/\",\"name\":\"Vermietung Z\u00fcrich | Wohnimmobilien | Anchor\",\"isPartOf\":{\"@id\":\"https:\\\/\\\/anchor-relocation.ch\\\/de\\\/#website\"},\"datePublished\":\"2026-01-13T11:29:08+00:00\",\"dateModified\":\"2026-06-10T07:21:08+00:00\",\"description\":\"Vermietung von Wohnungen und H\u00e4usern in Z\u00fcrich, Zug, Schwyz und Aargau. Pers\u00f6nliche Begleitung, sorgf\u00e4ltige Koordination und ein kleines, engagiertes Team.\",\"breadcrumb\":{\"@id\":\"https:\\\/\\\/anchor-relocation.ch\\\/de\\\/immobilien-2-3\\\/#breadcrumb\"},\"inLanguage\":\"de-DE\",\"potentialAction\":[{\"@type\":\"ReadAction\",\"target\":[\"https:\\\/\\\/anchor-relocation.ch\\\/de\\\/immobilien-2-3\\\/\"]}]},{\"@type\":\"BreadcrumbList\",\"@id\":\"https:\\\/\\\/anchor-relocation.ch\\\/de\\\/immobilien-2-3\\\/#breadcrumb\",\"itemListElement\":[{\"@type\":\"ListItem\",\"position\":1,\"name\":\"Home\",\"item\":\"https:\\\/\\\/anchor-relocation.ch\\\/de\\\/home\\\/\"},{\"@type\":\"ListItem\",\"position\":2,\"name\":\"Vermietung\"}]},{\"@type\":\"WebSite\",\"@id\":\"https:\\\/\\\/anchor-relocation.ch\\\/de\\\/#website\",\"url\":\"https:\\\/\\\/anchor-relocation.ch\\\/de\\\/\",\"name\":\"Anchor Relocation Services\",\"description\":\"welcome home.\",\"publisher\":{\"@id\":\"https:\\\/\\\/anchor-relocation.ch\\\/de\\\/#organization\"},\"alternateName\":\"Relocation Services Zurich\",\"potentialAction\":[{\"@type\":\"SearchAction\",\"target\":{\"@type\":\"EntryPoint\",\"urlTemplate\":\"https:\\\/\\\/anchor-relocation.ch\\\/de\\\/?s={search_term_string}\"},\"query-input\":{\"@type\":\"PropertyValueSpecification\",\"valueRequired\":true,\"valueName\":\"search_term_string\"}}],\"inLanguage\":\"de-DE\"},{\"@type\":\"Organization\",\"@id\":\"https:\\\/\\\/anchor-relocation.ch\\\/de\\\/#organization\",\"name\":\"Anchor Relocation + Property Services\",\"url\":\"https:\\\/\\\/anchor-relocation.ch\\\/de\\\/\",\"logo\":{\"@type\":\"ImageObject\",\"inLanguage\":\"de-DE\",\"@id\":\"https:\\\/\\\/anchor-relocation.ch\\\/de\\\/#\\\/schema\\\/logo\\\/image\\\/\",\"url\":\"https:\\\/\\\/anchor-relocation.ch\\\/wp-content\\\/uploads\\\/2017\\\/01\\\/anchor_NoTagline_2016_2945U.png\",\"contentUrl\":\"https:\\\/\\\/anchor-relocation.ch\\\/wp-content\\\/uploads\\\/2017\\\/01\\\/anchor_NoTagline_2016_2945U.png\",\"width\":2961,\"height\":190,\"caption\":\"Anchor Relocation + Property Services\"},\"image\":{\"@id\":\"https:\\\/\\\/anchor-relocation.ch\\\/de\\\/#\\\/schema\\\/logo\\\/image\\\/\"}}]}<\/script>\n<!-- \/ Yoast SEO Premium plugin. -->","yoast_head_json":{"title":"Vermietung Z\u00fcrich | Wohnimmobilien | Anchor","description":"Vermietung von Wohnungen und H\u00e4usern in Z\u00fcrich, Zug, Schwyz und Aargau. Pers\u00f6nliche Begleitung, sorgf\u00e4ltige Koordination und ein kleines, engagiertes Team.","robots":{"index":"index","follow":"follow","max-snippet":"max-snippet:-1","max-image-preview":"max-image-preview:large","max-video-preview":"max-video-preview:-1"},"canonical":"https:\/\/anchor-relocation.ch\/de\/immobilien-2-3\/","og_locale":"de_DE","og_type":"article","og_title":"Vermietung","og_description":"Are you moving to Switzerland? Anchor Relocation is the first contact for expatriates from all over the world. We offer professional, efficient, in-depth and fully customised Home Search as well as Temporary Housing, Departure Support and many other services. How can we support you?","og_url":"https:\/\/anchor-relocation.ch\/de\/immobilien-2-3\/","og_site_name":"Anchor Relocation Services","article_modified_time":"2026-06-10T07:21:08+00:00","og_image":[{"width":1500,"height":900,"url":"https:\/\/anchor-relocation.ch\/wp-content\/uploads\/2015\/02\/anchor-welcome-home.jpg","type":"image\/jpeg"}],"twitter_card":"summary_large_image","twitter_misc":{"Est. reading time":"4 minutes"},"schema":{"@context":"https:\/\/schema.org","@graph":[{"@type":"WebPage","@id":"https:\/\/anchor-relocation.ch\/de\/immobilien-2-3\/","url":"https:\/\/anchor-relocation.ch\/de\/immobilien-2-3\/","name":"Vermietung Z\u00fcrich | Wohnimmobilien | Anchor","isPartOf":{"@id":"https:\/\/anchor-relocation.ch\/de\/#website"},"datePublished":"2026-01-13T11:29:08+00:00","dateModified":"2026-06-10T07:21:08+00:00","description":"Vermietung von Wohnungen und H\u00e4usern in Z\u00fcrich, Zug, Schwyz und Aargau. Pers\u00f6nliche Begleitung, sorgf\u00e4ltige Koordination und ein kleines, engagiertes Team.","breadcrumb":{"@id":"https:\/\/anchor-relocation.ch\/de\/immobilien-2-3\/#breadcrumb"},"inLanguage":"de-DE","potentialAction":[{"@type":"ReadAction","target":["https:\/\/anchor-relocation.ch\/de\/immobilien-2-3\/"]}]},{"@type":"BreadcrumbList","@id":"https:\/\/anchor-relocation.ch\/de\/immobilien-2-3\/#breadcrumb","itemListElement":[{"@type":"ListItem","position":1,"name":"Home","item":"https:\/\/anchor-relocation.ch\/de\/home\/"},{"@type":"ListItem","position":2,"name":"Vermietung"}]},{"@type":"WebSite","@id":"https:\/\/anchor-relocation.ch\/de\/#website","url":"https:\/\/anchor-relocation.ch\/de\/","name":"Anchor Relocation Services","description":"welcome home.","publisher":{"@id":"https:\/\/anchor-relocation.ch\/de\/#organization"},"alternateName":"Relocation Services Zurich","potentialAction":[{"@type":"SearchAction","target":{"@type":"EntryPoint","urlTemplate":"https:\/\/anchor-relocation.ch\/de\/?s={search_term_string}"},"query-input":{"@type":"PropertyValueSpecification","valueRequired":true,"valueName":"search_term_string"}}],"inLanguage":"de-DE"},{"@type":"Organization","@id":"https:\/\/anchor-relocation.ch\/de\/#organization","name":"Anchor Relocation + Property Services","url":"https:\/\/anchor-relocation.ch\/de\/","logo":{"@type":"ImageObject","inLanguage":"de-DE","@id":"https:\/\/anchor-relocation.ch\/de\/#\/schema\/logo\/image\/","url":"https:\/\/anchor-relocation.ch\/wp-content\/uploads\/2017\/01\/anchor_NoTagline_2016_2945U.png","contentUrl":"https:\/\/anchor-relocation.ch\/wp-content\/uploads\/2017\/01\/anchor_NoTagline_2016_2945U.png","width":2961,"height":190,"caption":"Anchor Relocation + Property Services"},"image":{"@id":"https:\/\/anchor-relocation.ch\/de\/#\/schema\/logo\/image\/"}}]}},"_links":{"self":[{"href":"https:\/\/anchor-relocation.ch\/de\/wp-json\/wp\/v2\/pages\/6362","targetHints":{"allow":["GET"]}}],"collection":[{"href":"https:\/\/anchor-relocation.ch\/de\/wp-json\/wp\/v2\/pages"}],"about":[{"href":"https:\/\/anchor-relocation.ch\/de\/wp-json\/wp\/v2\/types\/page"}],"author":[{"embeddable":true,"href":"https:\/\/anchor-relocation.ch\/de\/wp-json\/wp\/v2\/users\/2"}],"replies":[{"embeddable":true,"href":"https:\/\/anchor-relocation.ch\/de\/wp-json\/wp\/v2\/comments?post=6362"}],"version-history":[{"count":164,"href":"https:\/\/anchor-relocation.ch\/de\/wp-json\/wp\/v2\/pages\/6362\/revisions"}],"predecessor-version":[{"id":7785,"href":"https:\/\/anchor-relocation.ch\/de\/wp-json\/wp\/v2\/pages\/6362\/revisions\/7785"}],"wp:attachment":[{"href":"https:\/\/anchor-relocation.ch\/de\/wp-json\/wp\/v2\/media?parent=6362"}],"curies":[{"name":"wp","href":"https:\/\/api.w.org\/{rel}","templated":true}]}}